{"id":669,"date":"2022-07-20T10:14:03","date_gmt":"2022-07-20T08:14:03","guid":{"rendered":"http:\/\/www.av2e.fr\/?page_id=669"},"modified":"2025-04-02T09:04:05","modified_gmt":"2025-04-02T07:04:05","slug":"rafraichissement","status":"publish","type":"page","link":"https:\/\/www.av2e.fr\/?page_id=669","title":{"rendered":"Rafraichissement"},"content":{"rendered":"\n<div class=\"wp-block-buttons\">\n<div class=\"wp-block-button is-style-fill\"><a class=\"wp-block-button__link\" href=\"http:\/\/www.av2e.fr\/?page_id=667\">protection solaire <\/a><\/div>\n\n\n\n<div class=\"wp-block-button is-style-fill\"><a class=\"wp-block-button__link\" href=\"http:\/\/www.av2e.fr\/?page_id=671\">accompagnement<\/a><\/div>\n\n\n\n<div class=\"wp-block-button\"><a class=\"wp-block-button__link\" href=\"http:\/\/www.av2e.fr\/?page_id=1526\">BSO-Brise_Soleil<strong>_<\/strong>Orientable<\/a><\/div>\n<\/div>\n\n\n\n<p>Vous trouverez dans cette rubrique l\u2019ensemble des documents concernant le rafraichissement<\/p>\n\n\n\n<p><\/p>\n\n\n\n<ul><li> <a rel=\"noreferrer noopener\" href=\"http:\/\/www.av2e.fr\/wp-content\/uploads\/2022\/09\/01-10-2020-PV-AGE.pdf\" data-type=\"URL\" data-id=\"http:\/\/www.av2e.fr\/wp-content\/uploads\/2022\/09\/01-10-2020-PV-AGE.pdf\" target=\"_blank\">Proc\u00e8s-verbal d&rsquo;assembl\u00e9e g\u00e9n\u00e9rale extraordinaire 01-10-2020<\/a><\/li><li><a href=\"http:\/\/www.av2e.fr\/wp-content\/uploads\/2025\/03\/note-Jose-sur-le-rafraichissement-SERM-2.docx\" data-type=\"URL\" data-id=\"http:\/\/www.av2e.fr\/wp-content\/uploads\/2025\/03\/note-Jose-sur-le-rafraichissement-SERM-2.docx\">note Jos\u00e9 Casademont 29 janvier 2020<\/a><\/li><li><a rel=\"noreferrer noopener\" href=\"http:\/\/www.av2e.fr\/wp-content\/uploads\/2022\/09\/AG-2021-point-d-etape-rafraichissement.pdf\" data-type=\"URL\" data-id=\"http:\/\/www.av2e.fr\/wp-content\/uploads\/2022\/09\/AG-2021-point-d-etape-rafraichissement.pdf\" target=\"_blank\">Assembl\u00e9e g\u00e9n\u00e9rale point d&rsquo;\u00e9tape rafraichissement<\/a> <\/li><li><a rel=\"noreferrer noopener\" href=\"http:\/\/www.av2e.fr\/wp-content\/uploads\/2022\/09\/08-11-2021-CR-CTE-rafraichissement.pdf\" data-type=\"URL\" data-id=\"http:\/\/www.av2e.fr\/wp-content\/uploads\/2022\/09\/08-11-2021-CR-CTE-rafraichissement.pdf\" target=\"_blank\">CR r\u00e9union CTE \u2013 Sergie projet \u00ab rafra\u00eechissement \u00bb du 08 11 2021\u00a0<\/a><\/li><li><a rel=\"noreferrer noopener\" href=\"http:\/\/www.av2e.fr\/wp-content\/uploads\/2022\/09\/04-02-2022-CR-reunion-SERM.pdf\" data-type=\"URL\" data-id=\"http:\/\/www.av2e.fr\/wp-content\/uploads\/2022\/09\/04-02-2022-CR-reunion-SERM.pdf\" target=\"_blank\">CR reunion SERM 04-02-2022<\/a><\/li><li><a rel=\"noreferrer noopener\" href=\"http:\/\/www.av2e.fr\/wp-content\/uploads\/2022\/09\/objet-de-letude-de-faisabilite-de-SergiE.pdf\" data-type=\"URL\" data-id=\"http:\/\/www.av2e.fr\/wp-content\/uploads\/2022\/09\/objet-de-letude-de-faisabilite-de-SergiE.pdf\" target=\"_blank\">Objet de l&rsquo;\u00e9tude de faisabilit\u00e9 de Sergie<\/a><\/li><li><a rel=\"noreferrer noopener\" href=\"http:\/\/www.av2e.fr\/wp-content\/uploads\/2022\/09\/rapport-etude-de-faisabilite-SergiE.pdf\" data-type=\"URL\" data-id=\"http:\/\/www.av2e.fr\/wp-content\/uploads\/2022\/09\/rapport-etude-de-faisabilite-SergiE.pdf\" target=\"_blank\">Rapport \u00e9tude de faisabilit\u00e9 Sergie<\/a><\/li><li><a href=\"http:\/\/www.av2e.fr\/wp-content\/uploads\/2025\/04\/retour-Sergie-suite-reunion-Serm.pdf\" data-type=\"URL\" data-id=\"http:\/\/www.av2e.fr\/wp-content\/uploads\/2025\/04\/retour-Sergie-suite-reunion-Serm.pdf\">retour Sergie suite rencontre SERM<\/a><\/li><li><a rel=\"noreferrer noopener\" href=\"http:\/\/www.av2e.fr\/wp-content\/uploads\/2022\/09\/resultat-consultation-climatisation.pdf\" data-type=\"URL\" data-id=\"http:\/\/www.av2e.fr\/wp-content\/uploads\/2022\/09\/resultat-consultation-climatisation.pdf\" target=\"_blank\">R\u00e9sultat consultation climatisation<\/a><\/li><li><a rel=\"noreferrer noopener\" href=\"http:\/\/www.av2e.fr\/wp-content\/uploads\/2025\/03\/le-05-03-205-presentation-CTE-rapport-Sergie.pdf\" data-type=\"URL\" data-id=\"http:\/\/www.av2e.fr\/wp-content\/uploads\/2025\/03\/le-05-03-205-presentation-CTE-rapport-Sergie.pdf\" target=\"_blank\">le 05 mars 2025 pr\u00e9sentation rapport sergie  par M.Lintaff<\/a><\/li><li><a href=\"http:\/\/www.av2e.fr\/wp-content\/uploads\/2025\/03\/le-05-mars-2025presentation-rafraichissement-CTE.pdf\" data-type=\"URL\" data-id=\"http:\/\/www.av2e.fr\/wp-content\/uploads\/2025\/03\/le-05-mars-2025presentation-rafraichissement-CTE.pdf\">le o5 mars 2025 pr\u00e9sentation \u00e9tat des possibilit\u00e9s de rafraichissement M.Lintall<\/a><\/li><\/ul>\n\n\n\n<p><\/p>\n","protected":false},"excerpt":{"rendered":"<p>Vous trouverez dans cette rubrique l\u2019ensemble des documents concernant le rafraichissement Proc\u00e8s-verbal d&rsquo;assembl\u00e9e g\u00e9n\u00e9rale extraordinaire 01-10-2020 note Jos\u00e9 Casademont 29 janvier 2020 Assembl\u00e9e g\u00e9n\u00e9rale point d&rsquo;\u00e9tape rafraichissement CR r\u00e9union CTE &#8230;<\/p>\n","protected":false},"author":1,"featured_media":684,"parent":0,"menu_order":0,"comment_status":"closed","ping_status":"closed","template":"template-fullwidth.php","meta":[],"_links":{"self":[{"href":"https:\/\/www.av2e.fr\/index.php?rest_route=\/wp\/v2\/pages\/669"}],"collection":[{"href":"https:\/\/www.av2e.fr\/index.php?rest_route=\/wp\/v2\/pages"}],"about":[{"href":"https:\/\/www.av2e.fr\/index.php?rest_route=\/wp\/v2\/types\/page"}],"author":[{"embeddable":true,"href":"https:\/\/www.av2e.fr\/index.php?rest_route=\/wp\/v2\/users\/1"}],"replies":[{"embeddable":true,"href":"https:\/\/www.av2e.fr\/index.php?rest_route=%2Fwp%2Fv2%2Fcomments&post=669"}],"version-history":[{"count":12,"href":"https:\/\/www.av2e.fr\/index.php?rest_route=\/wp\/v2\/pages\/669\/revisions"}],"predecessor-version":[{"id":1777,"href":"https:\/\/www.av2e.fr\/index.php?rest_route=\/wp\/v2\/pages\/669\/revisions\/1777"}],"wp:featuredmedia":[{"embeddable":true,"href":"https:\/\/www.av2e.fr\/index.php?rest_route=\/wp\/v2\/media\/684"}],"wp:attachment":[{"href":"https:\/\/www.av2e.fr\/index.php?rest_route=%2Fwp%2Fv2%2Fmedia&parent=669"}],"curies":[{"name":"wp","href":"https:\/\/api.w.org\/{rel}","templated":true}]}}